{"id":987510543,"date":"2025-05-26T09:45:51","date_gmt":"2025-05-26T14:45:51","guid":{"rendered":"https:\/\/rugbyquebec.org\/?page_id=987510543"},"modified":"2025-06-03T14:44:34","modified_gmt":"2025-06-03T19:44:34","slug":"ligue-dautomne-2","status":"publish","type":"page","link":"https:\/\/rugbyquebec.org\/index.php\/ligue-dautomne-2\/","title":{"rendered":"Ligue d&rsquo;automne"},"content":{"rendered":"<p>[et_pb_section fb_built=\u00a0\u00bb1&Prime; _builder_version=\u00a0\u00bb4.27.4&Prime; _module_preset=\u00a0\u00bbdefault\u00a0\u00bb background_image=\u00a0\u00bbhttp:\/\/rugbyquebec.org\/wp-content\/uploads\/2025\/04\/Site-internet-page-de-garde.png\u00a0\u00bb da_disable_devices=\u00a0\u00bboff|off|off\u00a0\u00bb global_colors_info=\u00a0\u00bb{}\u00a0\u00bb da_is_popup=\u00a0\u00bboff\u00a0\u00bb da_exit_intent=\u00a0\u00bboff\u00a0\u00bb da_has_close=\u00a0\u00bbon\u00a0\u00bb da_alt_close=\u00a0\u00bboff\u00a0\u00bb da_dark_close=\u00a0\u00bboff\u00a0\u00bb da_not_modal=\u00a0\u00bbon\u00a0\u00bb da_is_singular=\u00a0\u00bboff\u00a0\u00bb da_with_loader=\u00a0\u00bboff\u00a0\u00bb da_has_shadow=\u00a0\u00bbon\u00a0\u00bb][et_pb_row _builder_version=\u00a0\u00bb4.27.4&Prime; _module_preset=\u00a0\u00bbdefault\u00a0\u00bb global_colors_info=\u00a0\u00bb{}\u00a0\u00bb][et_pb_column type=\u00a0\u00bb4_4&Prime; _builder_version=\u00a0\u00bb4.27.4&Prime; _module_preset=\u00a0\u00bbdefault\u00a0\u00bb global_colors_info=\u00a0\u00bb{}\u00a0\u00bb][et_pb_text _builder_version=\u00a0\u00bb4.27.4&Prime; _module_preset=\u00a0\u00bbdefault\u00a0\u00bb global_colors_info=\u00a0\u00bb{}\u00a0\u00bb]<\/p>\n<h1 style=\"text-align: center;\"><span style=\"color: #ffffff;\">Ligue d&rsquo;automne<\/span><\/h1>\n<p>[\/et_pb_text][\/et_pb_column][\/et_pb_row][\/et_pb_section][et_pb_section fb_built=\u00a0\u00bb1&Prime; _builder_version=\u00a0\u00bb4.27.4&Prime; _module_preset=\u00a0\u00bbdefault\u00a0\u00bb da_disable_devices=\u00a0\u00bboff|off|off\u00a0\u00bb global_colors_info=\u00a0\u00bb{}\u00a0\u00bb da_is_popup=\u00a0\u00bboff\u00a0\u00bb da_exit_intent=\u00a0\u00bboff\u00a0\u00bb da_has_close=\u00a0\u00bbon\u00a0\u00bb da_alt_close=\u00a0\u00bboff\u00a0\u00bb da_dark_close=\u00a0\u00bboff\u00a0\u00bb da_not_modal=\u00a0\u00bbon\u00a0\u00bb da_is_singular=\u00a0\u00bboff\u00a0\u00bb da_with_loader=\u00a0\u00bboff\u00a0\u00bb da_has_shadow=\u00a0\u00bbon\u00a0\u00bb][et_pb_row _builder_version=\u00a0\u00bb4.27.4&Prime; _module_preset=\u00a0\u00bbdefault\u00a0\u00bb global_colors_info=\u00a0\u00bb{}\u00a0\u00bb][et_pb_column type=\u00a0\u00bb4_4&Prime; _builder_version=\u00a0\u00bb4.27.4&Prime; _module_preset=\u00a0\u00bbdefault\u00a0\u00bb global_colors_info=\u00a0\u00bb{}\u00a0\u00bb][et_pb_text _builder_version=\u00a0\u00bb4.27.4&Prime; _module_preset=\u00a0\u00bbdefault\u00a0\u00bb global_colors_info=\u00a0\u00bb{}\u00a0\u00bb]<\/p>\n<p>Nous avons le plaisir de vous annoncer l\u2019ouverture officielle des inscriptions pour la <strong data-start=\"379\" data-end=\"403\">Ligue d\u2019automne 2025<\/strong> organis\u00e9e par Rugby Qu\u00e9bec.<br data-start=\"431\" data-end=\"434\" \/>Cette comp\u00e9tition est ouverte aux \u00e9quipes U14, U16 et S\u00e9nior, dans les cat\u00e9gories <strong data-start=\"516\" data-end=\"543\">masculines et f\u00e9minines<\/strong>, avec un format de jeu <strong data-start=\"567\" data-end=\"585\">Rugby \u00e0 7 (7s)<\/strong>.<\/p>\n<p>[\/et_pb_text][\/et_pb_column][\/et_pb_row][et_pb_row column_structure=\u00a0\u00bb1_2,1_2&Prime; _builder_version=\u00a0\u00bb4.27.4&Prime; _module_preset=\u00a0\u00bbdefault\u00a0\u00bb global_colors_info=\u00a0\u00bb{}\u00a0\u00bb][et_pb_column type=\u00a0\u00bb1_2&Prime; _builder_version=\u00a0\u00bb4.27.4&Prime; _module_preset=\u00a0\u00bbdefault\u00a0\u00bb global_colors_info=\u00a0\u00bb{}\u00a0\u00bb][et_pb_icon font_icon=\u00a0\u00bb&#xf0c0;||fa||900&Prime; _builder_version=\u00a0\u00bb4.27.4&Prime; _module_preset=\u00a0\u00bbdefault\u00a0\u00bb global_colors_info=\u00a0\u00bb{}\u00a0\u00bb][\/et_pb_icon][et_pb_text _builder_version=\u00a0\u00bb4.27.4&Prime; _module_preset=\u00a0\u00bbdefault\u00a0\u00bb global_colors_info=\u00a0\u00bb{}\u00a0\u00bb]<\/p>\n<h2 style=\"text-align: center;\"><span style=\"color: #003366;\"><strong>Les Cat\u00e9gories<\/strong><\/span><\/h2>\n<p>[\/et_pb_text][et_pb_text _builder_version=\u00a0\u00bb4.27.4&Prime; _module_preset=\u00a0\u00bbdefault\u00a0\u00bb global_colors_info=\u00a0\u00bb{}\u00a0\u00bb]<\/p>\n<p data-start=\"673\" data-end=\"700\" style=\"text-align: center;\">U14 \u2013 Masculin et F\u00e9minin<\/p>\n<p data-start=\"703\" data-end=\"730\" style=\"text-align: center;\">U16 \u2013 Masculin et F\u00e9minin<\/p>\n<p data-start=\"733\" data-end=\"763\" style=\"text-align: center;\">S\u00e9nior \u2013 Masculin et F\u00e9minin<\/p>\n<p>[\/et_pb_text][et_pb_text _builder_version=\u00a0\u00bb4.27.4&Prime; _module_preset=\u00a0\u00bbdefault\u00a0\u00bb global_colors_info=\u00a0\u00bb{}\u00a0\u00bb]<\/p>\n<h1 style=\"text-align: center;\"><span style=\"color: #003366;\"><strong>Le Format\u00a0<\/strong><\/span><\/h1>\n<p>[\/et_pb_text][et_pb_text _builder_version=\u00a0\u00bb4.27.4&Prime; _module_preset=\u00a0\u00bbdefault\u00a0\u00bb custom_margin=\u00a0\u00bb||-46px|||\u00a0\u00bb global_colors_info=\u00a0\u00bb{}\u00a0\u00bb]<\/p>\n<blockquote data-start=\"160\" data-end=\"348\">\n<p data-start=\"162\" data-end=\"348\">Le format de la comp\u00e9tition sera du <strong data-start=\"198\" data-end=\"216\">Rugby \u00e0 7 (7s)<\/strong>, une version dynamique du rugby mettant en avant la vitesse, la technique et l\u2019endurance, avec 7 joueurs par \u00e9quipe sur le terrain.<\/p>\n<\/blockquote>\n<h3 data-start=\"350\" data-end=\"382\"><\/h3>\n<blockquote data-start=\"813\" data-end=\"897\">\n<p data-start=\"815\" data-end=\"897\"><\/blockquote>\n<p>[\/et_pb_text][et_pb_button button_url=\u00a0\u00bbhttps:\/\/passport.world.rugby\/laws-of-the-game\/variations-7s-10s-u19-game-on\/sevens\/3-team\/\u00a0\u00bb url_new_window=\u00a0\u00bbon\u00a0\u00bb button_text=\u00a0\u00bbEn savoir plus\u00a0\u00bb button_alignment=\u00a0\u00bbcenter\u00a0\u00bb _builder_version=\u00a0\u00bb4.27.4&Prime; _module_preset=\u00a0\u00bbdefault\u00a0\u00bb hover_enabled=\u00a0\u00bb0&Prime; global_colors_info=\u00a0\u00bb{}\u00a0\u00bb sticky_enabled=\u00a0\u00bb0&Prime;][\/et_pb_button][\/et_pb_column][et_pb_column type=\u00a0\u00bb1_2&Prime; _builder_version=\u00a0\u00bb4.27.4&Prime; _module_preset=\u00a0\u00bbdefault\u00a0\u00bb global_colors_info=\u00a0\u00bb{}\u00a0\u00bb][et_pb_icon font_icon=\u00a0\u00bb&#xf573;||fa||900&Prime; _builder_version=\u00a0\u00bb4.27.4&Prime; _module_preset=\u00a0\u00bbdefault\u00a0\u00bb global_colors_info=\u00a0\u00bb{}\u00a0\u00bb][\/et_pb_icon][et_pb_text _builder_version=\u00a0\u00bb4.27.4&Prime; _module_preset=\u00a0\u00bbdefault\u00a0\u00bb global_colors_info=\u00a0\u00bb{}\u00a0\u00bb]<\/p>\n<h2 style=\"text-align: center;\"><span style=\"color: #003366;\"><strong>Comment inscrire son \u00e9quipe ?<\/strong><\/span><\/h2>\n<p>[\/et_pb_text][et_pb_text _builder_version=\u00a0\u00bb4.27.4&Prime; _module_preset=\u00a0\u00bbdefault\u00a0\u00bb global_colors_info=\u00a0\u00bb{}\u00a0\u00bb]<\/p>\n<p>Afin d&rsquo;assurer une bonne organisation de la saison, <strong data-start=\"988\" data-end=\"1052\">chaque club est invit\u00e9 \u00e0 inscrire ses \u00e9quipes d\u00e8s maintenant<\/strong>.<\/p>\n<p>[\/et_pb_text][et_pb_text _builder_version=\u00a0\u00bb4.27.4&Prime; _module_preset=\u00a0\u00bbdefault\u00a0\u00bb global_colors_info=\u00a0\u00bb{}\u00a0\u00bb]<\/p>\n<p>\ud83d\udcc5 Date limite d\u2019inscription : 20 ao\u00fbt 2025<\/p>\n<p>[\/et_pb_text][et_pb_button button_url=\u00a0\u00bbhttps:\/\/am.lol\/p\/o2rieIJ\u00a0\u00bb url_new_window=\u00a0\u00bbon\u00a0\u00bb button_text=\u00a0\u00bbInscription\u00a0\u00bb button_alignment=\u00a0\u00bbcenter\u00a0\u00bb _builder_version=\u00a0\u00bb4.27.4&Prime; _module_preset=\u00a0\u00bbdefault\u00a0\u00bb global_colors_info=\u00a0\u00bb{}\u00a0\u00bb][\/et_pb_button][\/et_pb_column][\/et_pb_row][et_pb_row _builder_version=\u00a0\u00bb4.27.4&Prime; _module_preset=\u00a0\u00bbdefault\u00a0\u00bb global_colors_info=\u00a0\u00bb{}\u00a0\u00bb][et_pb_column type=\u00a0\u00bb4_4&Prime; _builder_version=\u00a0\u00bb4.27.4&Prime; _module_preset=\u00a0\u00bbdefault\u00a0\u00bb global_colors_info=\u00a0\u00bb{}\u00a0\u00bb][et_pb_cta title=\u00a0\u00bbNous contacter :\u00a0\u00bb _builder_version=\u00a0\u00bb4.27.4&Prime; _module_preset=\u00a0\u00bbdefault\u00a0\u00bb global_colors_info=\u00a0\u00bb{}\u00a0\u00bb]<\/p>\n<div class=\"x_elementToProof\" data-olk-copy-source=\"MessageBody\">N\u2019h\u00e9sitez pas \u00e0\u00a0nous contacter si vous avez des questions concernant l\u2019inscription des \u00e9quipes ou le processus de s\u00e9lection des clubs h\u00f4tes.<\/div>\n<h3 class=\"x_elementToProof\" data-olk-copy-source=\"MessageBody\"><\/h3>\n<h3 class=\"x_elementToProof\" data-olk-copy-source=\"MessageBody\"><em><strong><span style=\"color: #ffffff;\"><a href=\"mailto:mmpaquin@rugbyquebec.org\" style=\"color: #ffffff;\">mmpaquin@rugbyquebec.org<\/a>\u00a0<\/span><\/strong><\/em><\/h3>\n<p>[\/et_pb_cta][\/et_pb_column][\/et_pb_row][\/et_pb_section][et_pb_section fb_built=\u00a0\u00bb1&Prime; _builder_version=\u00a0\u00bb4.27.4&Prime; _module_preset=\u00a0\u00bbdefault\u00a0\u00bb da_disable_devices=\u00a0\u00bboff|off|off\u00a0\u00bb global_colors_info=\u00a0\u00bb{}\u00a0\u00bb da_is_popup=\u00a0\u00bboff\u00a0\u00bb da_exit_intent=\u00a0\u00bboff\u00a0\u00bb da_has_close=\u00a0\u00bbon\u00a0\u00bb da_alt_close=\u00a0\u00bboff\u00a0\u00bb da_dark_close=\u00a0\u00bboff\u00a0\u00bb da_not_modal=\u00a0\u00bbon\u00a0\u00bb da_is_singular=\u00a0\u00bboff\u00a0\u00bb da_with_loader=\u00a0\u00bboff\u00a0\u00bb da_has_shadow=\u00a0\u00bbon\u00a0\u00bb][\/et_pb_section]<\/p>\n","protected":false},"excerpt":{"rendered":"<p>Ligue d&rsquo;automneNous avons le plaisir de vous annoncer l\u2019ouverture officielle des inscriptions pour la Ligue d\u2019automne 2025 organis\u00e9e par Rugby Qu\u00e9bec.Cette comp\u00e9tition est ouverte aux \u00e9quipes U14, U16 et S\u00e9nior, dans les cat\u00e9gories masculines et f\u00e9minines, avec un format de jeu Rugby \u00e0 7 (7s).Les Cat\u00e9goriesU14 \u2013 Masculin et F\u00e9minin U16 \u2013 Masculin et F\u00e9minin [&hellip;]<\/p>\n","protected":false},"author":3,"featured_media":0,"parent":0,"menu_order":0,"comment_status":"closed","ping_status":"closed","template":"","meta":{"_et_pb_use_builder":"on","_et_pb_old_content":"","_et_gb_content_width":"","footnotes":""},"class_list":["post-987510543","page","type-page","status-publish","hentry"],"_links":{"self":[{"href":"https:\/\/rugbyquebec.org\/index.php\/wp-json\/wp\/v2\/pages\/987510543","targetHints":{"allow":["GET"]}}],"collection":[{"href":"https:\/\/rugbyquebec.org\/index.php\/wp-json\/wp\/v2\/pages"}],"about":[{"href":"https:\/\/rugbyquebec.org\/index.php\/wp-json\/wp\/v2\/types\/page"}],"author":[{"embeddable":true,"href":"https:\/\/rugbyquebec.org\/index.php\/wp-json\/wp\/v2\/users\/3"}],"replies":[{"embeddable":true,"href":"https:\/\/rugbyquebec.org\/index.php\/wp-json\/wp\/v2\/comments?post=987510543"}],"version-history":[{"count":7,"href":"https:\/\/rugbyquebec.org\/index.php\/wp-json\/wp\/v2\/pages\/987510543\/revisions"}],"predecessor-version":[{"id":987510993,"href":"https:\/\/rugbyquebec.org\/index.php\/wp-json\/wp\/v2\/pages\/987510543\/revisions\/987510993"}],"wp:attachment":[{"href":"https:\/\/rugbyquebec.org\/index.php\/wp-json\/wp\/v2\/media?parent=987510543"}],"curies":[{"name":"wp","href":"https:\/\/api.w.org\/{rel}","templated":true}]}}